{"id":57,"date":"2024-02-14T07:09:07","date_gmt":"2024-02-14T07:09:07","guid":{"rendered":"https:\/\/saharaoccidental24.deusto.es\/?page_id=57"},"modified":"2024-04-26T12:39:45","modified_gmt":"2024-04-26T12:39:45","slug":"programme","status":"publish","type":"page","link":"https:\/\/saharaoccidental24.deusto.es\/?page_id=57","title":{"rendered":"Programme"},"content":{"rendered":"\n<h2 class=\"wp-block-heading\">S\u00e1hara Occidental: Explorando Nuevas Perspectivas desde el Derecho Internacional y las Relaciones Internacionales<\/h2>\n\n\n\n<h2 class=\"wp-block-heading\"><br>9 Mayo 2024. <\/h2>\n\n\n\n<p><strong>9.30:<\/strong> Acreditaci\u00f3n<\/p>\n\n\n\n<p><strong>10.00<\/strong>:<\/p>\n\n\n\n<ul class=\"wp-block-list\">\n<li>Bienvenida y presentaci\u00f3n de los objetivos de la conferencia. (Acogida institucional). (Loyola Centrum)<\/li>\n\n\n\n<li>Aproximaciones disruptivas al Conflicto del Sahara Occidental: La lucha contra el expolio de los recursos naturales y las violaciones de derechos humanos en los territorios ocupados.<\/li>\n\n\n\n<li>Ponencias inaugurales:\n<ul class=\"wp-block-list\">\n<li>Juan Soroeta Liceras \u2013 UPV-EHU- Profesor Titular de Derecho Internacional P\u00fablico y Relaciones Internacionales en la UPV\/EHU: <em>La lucha contra el expolio de los recursos naturales de territorio<\/em><\/li>\n\n\n\n<li>Carlos Mart\u00edn Beristain &#8211; M\u00e9dico y doctor en Psicolog\u00eda: <em>Memoria colectiva y violaciones de derechos humanos en el Sahara Occidental: hallazgos y trabajo con las v\u00edctimas<\/em><\/li>\n<\/ul>\n<\/li>\n<\/ul>\n\n\n\n<p><\/p>\n\n\n\n<p><strong>12.00 &#8211; 14.00<\/strong> <strong>Panel 1: Desentra\u00f1ando el enigma del S\u00e1hara Occidental: Perspectivas sobre el papel de los actores, las din\u00e1micas coloniales, las influencias globales y las instituciones africanas<\/strong> (Aula 004)<\/p>\n\n\n\n<p>Este panel re\u00fane diversas perspectivas sobre la compleja cuesti\u00f3n del S\u00e1hara Occidental, arrojando luz sobre dimensiones inexploradas y desafiando las explicaciones prevalecientes. Se explorar\u00e1n las perspectivas de China sobre la cuesti\u00f3n saharaui, as\u00ed como el impacto de la ocupaci\u00f3n marroqu\u00ed y la colonialidad en la suspensi\u00f3n de la paz en la regi\u00f3n. Adem\u00e1s, se analizar\u00e1n los intereses, valores y estrategias de pol\u00edtica exterior en un mundo posthegem\u00f3nico, junto con los modelos y riesgos de cooperaci\u00f3n en el norte de \u00c1frica. Se examinar\u00e1 tambi\u00e9n la din\u00e1mica de las crisis de consentimiento y las pr\u00e1cticas de reordenamiento relacional en las operaciones de mantenimiento de paz de la ONU en el S\u00e1hara Occidental. Finalmente, se cuestionar\u00e1 el papel de las energ\u00edas renovables como posible manifestaci\u00f3n de neocolonialismo, centr\u00e1ndose en las empresas extranjeras que construyen infraestructuras en la \u00faltima colonia de \u00c1frica. Estas ponencias ofrecen contribuciones acad\u00e9micas significativas al campo de las relaciones internacionales, enriqueciendo el debate y la comprensi\u00f3n de un conflicto complejo y multifac\u00e9tico en una regi\u00f3n geopol\u00edticamente crucial.<\/p>\n\n\n\n<p><em>Moderador: Steffen Bay-Radmundsen<\/em><\/p>\n\n\n\n<p>Contribuciones:<\/p>\n\n\n\n<ul class=\"wp-block-list\">\n<li><em>Posici\u00f3n de China sobre la cuesti\u00f3n del S\u00e1hara Occidental.<\/em> (Isa\u00edas Barre\u00f1ada, Universidad Complutense de Madrid)<\/li>\n\n\n\n<li><em>Suspensi\u00f3n de la paz en el S\u00e1hara Occidental: la colonialidad de la ocupaci\u00f3n marroqu\u00ed y del proceso diplom\u00e1tico<\/em> (Moara Assis Crivelente, Centro de Estudios Sociales (CES) y Facultad de Econom\u00eda de la Universidad de Coimbra (FEUC))<\/li>\n\n\n\n<li><em>El conflicto del S\u00e1hara Occidental en un mundo posthegem\u00f3nico: intereses, valores y estrategias de pol\u00edtica exterior<\/em> (Eduard Soler i Lecha, Universitat Aut\u00f2noma de Barcelona)<\/li>\n\n\n\n<li><em>\u2018Crisis de consentimiento y pr\u00e1cticas de reordenamiento relacional en las operaciones prolongadas de mantenimiento de la paz de la ONU en el S\u00e1hara Occidental\u00bb<\/em>&#8211; (Irene Fern\u00e1ndez Molina- Profesora del Departamento de Pol\u00edticas de la Universidad de Exeter .Reino Unido)<\/li>\n\n\n\n<li><em>No es oro todo lo que reluce: \u00bflas energ\u00edas renovables como manifestaci\u00f3n del neocolonialismo? Una tesis sobre las empresas extranjeras que construyen infraestructuras de energ\u00eda renovable en el S\u00e1hara Occidental, la \u00faltima colonia de \u00c1frica <\/em>(Emma Lehbib, Universidad de Groningen)<\/li>\n<\/ul>\n\n\n\n<p><\/p>\n\n\n\n<p><strong>Lunch<\/strong><\/p>\n\n\n\n<p><\/p>\n\n\n\n<p><strong>15.30 &#8211; 17.00<\/strong> <strong>Panel 2: Por una historia desde abajo de las relaciones internacionales del pueblo saharaui<\/strong>  (Sala Tokiski)<\/p>\n\n\n\n<p>Enmarc\u00e1ndose en la corriente historiogr\u00e1fica de la \u201cHistoire d\u2019en bas\u201d (Febvre, 1932; Hobsbawn, 1985; etc.) el panel propone, a trav\u00e9s de distintos ejemplos, de esbozar una historia de las relaciones internacionales del pueblo saharaui desde abajo. La perspectiva que se vislumbra es doble: por un lado los intercambios de ideas y sensibilidades pol\u00edticas a nivel de los individuos y grupos familiares, que caracterizan la estructura social del Oeste sahariano a pesar \u2013 y m\u00e1s all\u00e1 &#8211; de las fronteras establecidas en el periodo colonial; y por el otro, la que se podr\u00eda definir \u201cdiplomacia de los pueblos\u201d, que en el caso saharaui atraviesa varias d\u00e9cadas y se percibe tanto en las cooperaciones entre sociedades civiles, tanto en las relaciones horizontales entre los distintos movimientos nacionalistas de la regi\u00f3n norteafricana. En el primer caso, los intercambios culturales y pol\u00edticos son pr\u00e1cticas corrientes de las sociedades n\u00f3madas y constituyen un momento fundamental del pensamiento nacionalista saharaui. En el segundo caso, las relaciones con las sociedades civiles de otros pa\u00edses y con los movimientos nacionalistas de \u00c1frica del Norte contribuyen al fortalecimiento y al reconocimiento internacional del nacionalismo saharaui.<br>Sin negar la presencia y las iniciativas de actores gubernamentales \u2013 los pa\u00edses colonizadores y sus administraciones; las diplomacias de los pa\u00edses fronterizos del Sahara Occidental y de las mismas autoridades saharauis -, las comunicaciones ser\u00e1n as\u00ed enfocadas en los que se podr\u00eda definir una acci\u00f3n internacional informal \u2013 y desde el punto de vista metodol\u00f3gico, m\u00e1s dif\u00edcil de aprehender &#8211; donde no est\u00e1n implicados directamente los gobiernos o, por los menos, estos no aparecen como actores principales, y donde, en algunos casos, el mismo t\u00e9rmino \u201cinternacional\u201d tendr\u00eda que ser cuestionado y deconstruido.<\/p>\n\n\n\n<p><em>Moderador: Sebastien Bulay<\/em><\/p>\n\n\n\n<p>Contribuciones:<\/p>\n\n\n\n<ul class=\"wp-block-list\">\n<li><em>Educaci\u00f3n en movimiento: del Sahara espa\u00f1ol a La Habana. <\/em>(Ozman Ahmed Bahiya, Universidad de Poitiers)<\/li>\n\n\n\n<li><em>Diplomacia popular y nuevos retos para la sociedad saharaui global: confrontaci\u00f3n entre territorios ocupados, pa\u00edses de la di\u00e1spora y campos de refugiados.<\/em> (Alice Verni, Universidad Alma Mater Studiorum, Bolonia)<\/li>\n\n\n\n<li><em>Geopol\u00edtica del nacionalismo saharaui: de las origines en los a\u00f1os cincuenta a la fundaci\u00f3n del Frente Polisario<\/em> (Francesco Correale, CNRS, UMR 7324 CITERES)<\/li>\n<\/ul>\n\n\n\n<p><\/p>\n\n\n\n<p><strong>17.00-18.30 Panel 3: Perspectivas latinoamericanas para el abordaje del Conflicto del S\u00e1hara Occidental<\/strong> (Sala Tokiski)<\/p>\n\n\n\n<p>La prolongaci\u00f3n de la ocupaci\u00f3n marroqu\u00ed del S\u00e1hara Occidental, el estancamiento del proceso de descolonizaci\u00f3n y las diferentes formas de involucramiento (o de negligencia) internacional han mantenido el conflicto activo, aunque por mucho tiempo silenciado. Aun as\u00ed, el conflicto ha suscitado un creciente n\u00famero de an\u00e1lisis acad\u00e9mico y multidisciplinar, desde diferentes latitudes, con variadas perspectivas. Sin duda alguna, este conflicto ha generado distintas tensiones a nivel diplom\u00e1tico, adem\u00e1s de vinculaciones sociales, especialmente en pro de una soluci\u00f3n al conflicto asiente en el derecho reconocido a la autodeterminaci\u00f3n, y la regi\u00f3n latinoamericana y caribe\u00f1a no es excepci\u00f3n. En tal sentido, se propone este panel, que busca recibir ponencias de investigaciones, experiencias, reflexiones acad\u00e9micas y diplom\u00e1ticas sobre este conflicto, a la luz de la comunicaci\u00f3n, la perspectiva de g\u00e9nero y las ciencias sociales, en relaci\u00f3n con el reconocimiento de las Republica \u00c1rabe Saharaui Democr\u00e1tica en varios pa\u00edses de la regi\u00f3n y las mismas din\u00e1micas de los actores involucrados.<br>El panel abordar\u00e1 perspectivas del conflicto desde lo pol\u00edtico, social, cultural, ambiental, la paz, derechos humanos, entre otras tem\u00e1ticas que impactan y emergen del conflicto. Finalmente, se espera que la mesa tambi\u00e9n re\u00fana perspectivas del movimiento de solidaridad con el Pueblo Saharaui en Am\u00e9rica Latina y el Caribe, con el \u00e1nimo de fortalecer sus vinculaciones acad\u00e9micas y proyectar acciones conjuntas de cooperaci\u00f3n e investigaci\u00f3n.<\/p>\n\n\n\n<p><em>Moderadora: Mar\u00eda Silvestre Cabrera<\/em><\/p>\n\n\n\n<p>Contribuciones:<\/p>\n\n\n\n<ul class=\"wp-block-list\">\n<li><em>La Colonialidad del conflicto y del proceso diplom\u00e1tico en el S\u00e1hara Occidental: una mirada latinoamericana<\/em> (Moara Assis Crivelente, Centro de estudos sociais da Universidade de Coimbra, Portugal)<\/li>\n\n\n\n<li><em>VENEZUELA Y LA RASD: la cooperaci\u00f3n y la solidaridad en el marco de sus relaciones sur-sur.<\/em> (Ender A. Sabalsa Br., Programa de Formaci\u00f3n de Grado en Relaciones Internacionales, Universidad Bolivariana de Venezuela)<\/li>\n\n\n\n<li><em>La diplomacia del S\u00e1hara Occidental en Am\u00e9rica Latina: El caso de Colombia. <\/em>(Jos\u00e9 Leonar Botero Mart\u00ednez, Universidad Santo Tom\u00e1s, Colombia)<\/li>\n\n\n\n<li><em>Ocio y uso del tiempo en el marco de la agencia de las mujeres saharauis<\/em> (Katheryne Aldana Villalobos, Universidad Pedag\u00f3gica Nacional, Colombia)<\/li>\n\n\n\n<li><em>C\u00f3mo la violaci\u00f3n del derecho a la libre determinaci\u00f3n afecta la capacidad del Pueblo Saharaui para ser parte de la comunidad mundial <\/em>(Luz Marina Mateo y Javier Surasky, C\u00e1tedra Libre de Estudios sobre el S\u00e1hara Occidental, Instituto de Relaciones Internacionales, Universidad Nacional de La Plata (IRI-UNLP) Argentina)<\/li>\n<\/ul>\n\n\n\n<hr class=\"wp-block-separator has-alpha-channel-opacity\"\/>\n\n\n\n<h2 class=\"wp-block-heading\">10 Mayo de 2024<\/h2>\n\n\n\n<p><strong>8:30. Acreditaci\u00f3n<br><\/strong><\/p>\n\n\n\n<p><strong>9.00-11.00 Panel 4: Explorando las fronteras jur\u00eddicas: el S\u00e1hara Occidental en el \u00e1mbito del derecho internacional (Sala Tokiski)<\/strong><\/p>\n\n\n\n<p>El panel abordar\u00e1 una serie de enfoques cr\u00edticos relacionados con el conflicto del S\u00e1hara Occidental desde una perspectiva jur\u00eddica y de relaciones internacionales. Se examinar\u00e1 la brecha entre la doctrina y la pr\u00e1ctica jur\u00eddica en Marruecos, as\u00ed como un an\u00e1lisis comparativo que incluye la ocupaci\u00f3n de los Territorios Palestinos, el S\u00e1hara Occidental y Ucrania, explorando el papel del Derecho Internacional en estos contextos. Se destacar\u00e1 c\u00f3mo la violaci\u00f3n del derecho a la libre determinaci\u00f3n afecta la capacidad del pueblo saharaui para integrarse en la comunidad mundial. Adem\u00e1s, se analizar\u00e1 la relaci\u00f3n entre la cuesti\u00f3n del S\u00e1hara Occidental, las instituciones supranacionales africanas y el derecho internacional, as\u00ed como el impacto del no reconocimiento debido a conductas econ\u00f3micas. Finalmente, se examinar\u00e1 el papel de las energ\u00edas renovables, espec\u00edficamente la energ\u00eda e\u00f3lica, en la legitimaci\u00f3n del statu quo en el S\u00e1hara Occidental. Estas ponencias ofrecen valiosas contribuciones acad\u00e9micas que enriquecen la comprensi\u00f3n y el debate sobre un conflicto complejo desde una perspectiva legal y de relaciones internacionales.<\/p>\n\n\n\n<p><em>Moderador: <\/em>Chiara Altafin<\/p>\n\n\n\n<p>Contribuciones:<\/p>\n\n\n\n<ul class=\"wp-block-list\">\n<li><em>La brecha entre la doctrina y la pr\u00e1ctica: el enigma jur\u00eddico de Marruecos <\/em>(Natale Seron, Universidad de Deusto)<\/li>\n\n\n\n<li><em>Un an\u00e1lisis comparativo entre la ocupaci\u00f3n de los Territorios Palestinos, el S\u00e1hara Occidental y Ucrania y el papel del Derecho Internacional<\/em>&#8211; (Mafalda Mat\u00edas, Universidad de Deusto)<\/li>\n\n\n\n<li><em>La cuesti\u00f3n del S\u00e1hara Occidental, las instituciones supranacionales africanas y el derecho internacional<\/em> (Hanza Dimam, Universit\u00e4t der Bundeswehr M\u00fcnchen)<\/li>\n\n\n\n<li><em>S\u00e1hara Occidental y no reconocimiento por conducta econ\u00f3mica <\/em>(Waleed Mahmoud, Instituto de Derecho Internacional Rolin-Jaequemyns de Gante del Departamento de Derecho Europeo, P\u00fablico e Internacional de la Universidad de Gante)<\/li>\n\n\n\n<li><em>Renovables para la ocupaci\u00f3n: la energ\u00eda e\u00f3lica y la legitimaci\u00f3n del statu quo en el S\u00e1hara Occidental <\/em>(Roberto Cantoni, Universitat Aut\u00f2noma de Barcelona)<\/li>\n<\/ul>\n\n\n\n<p><\/p>\n\n\n\n<p><strong>11.30-13.30: Panel 5: Fronteras tecnol\u00f3gicas: Navegando por las din\u00e1micas en el conflicto del S\u00e1hara Occidental<\/strong> (Sala Tokiski)<\/p>\n\n\n\n<p>Este panel se centra en el papel fundamental de la tecnolog\u00eda en la configuraci\u00f3n y remodelaci\u00f3n del paisaje del conflicto del S\u00e1hara Occidental. Cada presentaci\u00f3n de este panel explora diferentes facetas de c\u00f3mo la tecnolog\u00eda, que va desde los cambios geopol\u00edticos hasta la anal\u00edtica avanzada, influye y refleja la naturaleza multifac\u00e9tica del conflicto. Acomp\u00e1\u00f1anos a profundizar en las fronteras tecnol\u00f3gicas del conflicto del S\u00e1hara Occidental, descubriendo ideas que cierran la brecha entre la innovaci\u00f3n y las complejas realidades geopol\u00edticas.<\/p>\n\n\n\n<p><em>Moderador: Jon Lopez<\/em><\/p>\n\n\n\n<p>Contribuciones:<\/p>\n\n\n\n<ul class=\"wp-block-list\">\n<li><em>Los Acuerdos de Abraham y la tecnolog\u00eda de drones en el S\u00e1hara Occidental <\/em>(Dra. Bettina Gr\u00e4f, Instituto para el Cercano y Medio Oriente, Ludwig-Maximilians-Universit\u00e4t M\u00fcnchen)<\/li>\n\n\n\n<li><em>Rastreando el cambio a trav\u00e9s del tiempo: Perspectivas de la PNL sobre las resoluciones de la ONU sobre el S\u00e1hara Occidental<\/em> (Borja Sanz y Mar\u00eda L\u00f3pez, Universidad de Deusto)<\/li>\n\n\n\n<li><em>Ciberseguridad en los territorios ocupados: un enfoque en el S\u00e1hara Occidental <\/em>(Federica Cristani, Instituto de Relaciones Internacionales de Praga)<\/li>\n\n\n\n<li><em>Nuevas narrativas digitales y activismo saharaui <\/em>(Consuelo Wynter Sarmiento Ph.D (c), Universidad Aut\u00f3noma de Madrid)<\/li>\n<\/ul>\n\n\n\n<p><\/p>\n\n\n\n<p><strong>13.30-14.30: Lunch<\/strong><\/p>\n\n\n\n<p><\/p>\n\n\n\n<p><strong>14.30-16.00: Sesiones interactivas y participativas- **Talleres Interactivos:** Din\u00e1micas de grupo para desarrollar propuestas concretas.<\/strong><\/p>\n\n\n\n<p><\/p>\n\n\n\n<p><strong>16.30-18.00 Panel 6: Navegando por realidades complejas: mujeres saharauis, din\u00e1micas de refugiados y activismo diasp\u00f3rico<\/strong> (Sala Tokiski)<\/p>\n\n\n\n<p>Este panel profundiza en las intrincadas din\u00e1micas experimentadas por las mujeres saharauis, las refugiadas y las activistas de la di\u00e1spora, examinando las intersecciones de g\u00e9nero, desplazamiento y compromiso pol\u00edtico. Los documentos presentados ofrecen una visi\u00f3n \u00fanica de los desaf\u00edos multifac\u00e9ticos que enfrentan las diferentes facetas de la comunidad saharaui y brindan perspectivas sobre el trabajo social, los ecosistemas humanitarios y el activismo de la di\u00e1spora.<\/p>\n\n\n\n<p><em>Moderadora: Ainhoa Izaguirre<\/em><\/p>\n\n\n\n<p>Contribuciones:<\/p>\n\n\n\n<ul class=\"wp-block-list\">\n<li><em>\u00bfC\u00f3mo afecta el arma de doble filo a las mujeres saharauis migradas? Reflexiones para las intervenciones en Trabajo Social desde una perspectiva interseccional.<\/em> (Janire Azkue Terradillos, Universidad de Deusto)<\/li>\n\n\n\n<li><em>Refugiados ideales pero agotados: comprender y desafiar el ecosistema humanitario y de cooperaci\u00f3n internacional en los campamentos de refugiados saharauis <\/em>(Mar\u00eda Gonz\u00e1lez Flores- Universidade da Coru\u00f1a)<\/li>\n\n\n\n<li><em>Activismo de la di\u00e1spora saharaui<\/em> (Judit Tavakoli, Universidad Goethe de Frankfurt)<\/li>\n\n\n\n<li><em>\u00bfPuede el arte desempe\u00f1ar un papel en los enfoques transformadores del conflicto saharaui?<\/em>&#8211; (Ariane Vuagniaux, Universidad de Montpellier, Francia)<\/li>\n<\/ul>\n\n\n\n<p><\/p>\n\n\n\n<p><strong>18.00: Sesi\u00f3n de Clausura : Nuevas aproximaciones al activismo de DDHH en conflictos prolongados<\/strong> (Loyola Centrum)<\/p>\n\n\n\n<p>Modera: Gorka Urrutia<\/p>\n\n\n\n<ul class=\"wp-block-list\">\n<li>Hassana Alia, activista saharaui<\/li>\n\n\n\n<li>Mar\u00eda Carri\u00f3n, Directora de Fishara:<\/li>\n\n\n\n<li>Mar\u00eda L\u00f3pez Belloso, Investigadora de la Universidad de Deusto<\/li>\n\n\n\n<li>Kristina Berasain, Periodista<\/li>\n<\/ul>\n\n\n\n<p>Resumen de los hallazgos y propuestas generadas durante la conferencia.<\/p>\n\n\n\n<hr class=\"wp-block-separator has-alpha-channel-opacity\"\/>\n\n\n\n<p>Puedes descargar el programa completo aqu\u00ed.<\/p>\n\n\n\n<div class=\"wp-block-columns is-layout-flex wp-container-core-columns-is-layout-9d6595d7 wp-block-columns-is-layout-flex\">\n<div class=\"wp-block-column is-layout-flow wp-block-column-is-layout-flow\">\n<p><a href=\"https:\/\/saharaoccidental24.deusto.es\/wp-content\/uploads\/2024\/04\/programa-final-espanol.pdf\">Programa en SP<\/a><\/p>\n<\/div>\n\n\n\n<div class=\"wp-block-column is-layout-flow wp-block-column-is-layout-flow\">\n<p><a href=\"https:\/\/saharaoccidental24.deusto.es\/wp-content\/uploads\/2024\/04\/Programme-final-FR.pdf\">Programa final FR<\/a><\/p>\n<\/div>\n\n\n\n<div class=\"wp-block-column is-layout-flow wp-block-column-is-layout-flow\">\n<p><a href=\"https:\/\/saharaoccidental24.deusto.es\/wp-content\/uploads\/2024\/04\/Final-programme-English.pdf\">Programa ENG<\/a><\/p>\n<\/div>\n<\/div>\n","protected":false},"excerpt":{"rendered":"<p>S\u00e1hara Occidental: Explorando Nuevas Perspectivas desde el Derecho Internacional y las Relaciones Internacionales 9 Mayo 2024. 9.30: Acreditaci\u00f3n 10.00: 12.00 &#8211; 14.00 Panel 1: Desentra\u00f1ando el enigma del S\u00e1hara Occidental: Perspectivas sobre el papel de los actores, las din\u00e1micas coloniales, las influencias globales y las instituciones africanas (Aula 004) Este panel re\u00fane diversas perspectivas sobre &hellip; <\/p>\n","protected":false},"author":2,"featured_media":0,"parent":0,"menu_order":0,"comment_status":"closed","ping_status":"closed","template":"","meta":{"footnotes":""},"class_list":["post-57","page","type-page","status-publish","hentry"],"yoast_head":"<!-- This site is optimized with the Yoast SEO plugin v27.2 - https:\/\/yoast.com\/product\/yoast-seo-wordpress\/ -->\n<title>Programme - Sahara 2024 - University of Deusto<\/title>\n<meta name=\"description\" content=\"Programa del concgreso.\" \/>\n<meta name=\"robots\" content=\"index, follow, max-snippet:-1, max-image-preview:large, max-video-preview:-1\" \/>\n<link rel=\"canonical\" href=\"https:\/\/saharaoccidental24.deusto.es\/?page_id=57\" \/>\n<meta property=\"og:locale\" content=\"es_ES\" \/>\n<meta property=\"og:type\" content=\"article\" \/>\n<meta property=\"og:title\" content=\"Programme - Sahara 2024 - University of Deusto\" \/>\n<meta property=\"og:description\" content=\"Programa del concgreso.\" \/>\n<meta property=\"og:url\" content=\"https:\/\/saharaoccidental24.deusto.es\/?page_id=57\" \/>\n<meta property=\"og:site_name\" content=\"Sahara 2024 - University of Deusto\" \/>\n<meta property=\"article:modified_time\" content=\"2024-04-26T12:39:45+00:00\" \/>\n<meta name=\"twitter:card\" content=\"summary_large_image\" \/>\n<meta name=\"twitter:label1\" content=\"Tiempo de lectura\" \/>\n\t<meta name=\"twitter:data1\" content=\"10 minutos\" \/>\n<script type=\"application\/ld+json\" class=\"yoast-schema-graph\">{\"@context\":\"https:\/\/schema.org\",\"@graph\":[{\"@type\":\"WebPage\",\"@id\":\"https:\/\/saharaoccidental24.deusto.es\/?page_id=57\",\"url\":\"https:\/\/saharaoccidental24.deusto.es\/?page_id=57\",\"name\":\"Programme - Sahara 2024 - University of Deusto\",\"isPartOf\":{\"@id\":\"https:\/\/saharaoccidental24.deusto.es\/#website\"},\"datePublished\":\"2024-02-14T07:09:07+00:00\",\"dateModified\":\"2024-04-26T12:39:45+00:00\",\"description\":\"Programa del concgreso.\",\"breadcrumb\":{\"@id\":\"https:\/\/saharaoccidental24.deusto.es\/?page_id=57#breadcrumb\"},\"inLanguage\":\"es\",\"potentialAction\":[{\"@type\":\"ReadAction\",\"target\":[\"https:\/\/saharaoccidental24.deusto.es\/?page_id=57\"]}]},{\"@type\":\"BreadcrumbList\",\"@id\":\"https:\/\/saharaoccidental24.deusto.es\/?page_id=57#breadcrumb\",\"itemListElement\":[{\"@type\":\"ListItem\",\"position\":1,\"name\":\"Portada\",\"item\":\"https:\/\/saharaoccidental24.deusto.es\/\"},{\"@type\":\"ListItem\",\"position\":2,\"name\":\"Programme\"}]},{\"@type\":\"WebSite\",\"@id\":\"https:\/\/saharaoccidental24.deusto.es\/#website\",\"url\":\"https:\/\/saharaoccidental24.deusto.es\/\",\"name\":\"Sahara 2024 - University of Deusto\",\"description\":\"\",\"potentialAction\":[{\"@type\":\"SearchAction\",\"target\":{\"@type\":\"EntryPoint\",\"urlTemplate\":\"https:\/\/saharaoccidental24.deusto.es\/?s={search_term_string}\"},\"query-input\":{\"@type\":\"PropertyValueSpecification\",\"valueRequired\":true,\"valueName\":\"search_term_string\"}}],\"inLanguage\":\"es\"}]}<\/script>\n<!-- \/ Yoast SEO plugin. -->","yoast_head_json":{"title":"Programme - Sahara 2024 - University of Deusto","description":"Programa del concgreso.","robots":{"index":"index","follow":"follow","max-snippet":"max-snippet:-1","max-image-preview":"max-image-preview:large","max-video-preview":"max-video-preview:-1"},"canonical":"https:\/\/saharaoccidental24.deusto.es\/?page_id=57","og_locale":"es_ES","og_type":"article","og_title":"Programme - Sahara 2024 - University of Deusto","og_description":"Programa del concgreso.","og_url":"https:\/\/saharaoccidental24.deusto.es\/?page_id=57","og_site_name":"Sahara 2024 - University of Deusto","article_modified_time":"2024-04-26T12:39:45+00:00","twitter_card":"summary_large_image","twitter_misc":{"Tiempo de lectura":"10 minutos"},"schema":{"@context":"https:\/\/schema.org","@graph":[{"@type":"WebPage","@id":"https:\/\/saharaoccidental24.deusto.es\/?page_id=57","url":"https:\/\/saharaoccidental24.deusto.es\/?page_id=57","name":"Programme - Sahara 2024 - University of Deusto","isPartOf":{"@id":"https:\/\/saharaoccidental24.deusto.es\/#website"},"datePublished":"2024-02-14T07:09:07+00:00","dateModified":"2024-04-26T12:39:45+00:00","description":"Programa del concgreso.","breadcrumb":{"@id":"https:\/\/saharaoccidental24.deusto.es\/?page_id=57#breadcrumb"},"inLanguage":"es","potentialAction":[{"@type":"ReadAction","target":["https:\/\/saharaoccidental24.deusto.es\/?page_id=57"]}]},{"@type":"BreadcrumbList","@id":"https:\/\/saharaoccidental24.deusto.es\/?page_id=57#breadcrumb","itemListElement":[{"@type":"ListItem","position":1,"name":"Portada","item":"https:\/\/saharaoccidental24.deusto.es\/"},{"@type":"ListItem","position":2,"name":"Programme"}]},{"@type":"WebSite","@id":"https:\/\/saharaoccidental24.deusto.es\/#website","url":"https:\/\/saharaoccidental24.deusto.es\/","name":"Sahara 2024 - University of Deusto","description":"","potentialAction":[{"@type":"SearchAction","target":{"@type":"EntryPoint","urlTemplate":"https:\/\/saharaoccidental24.deusto.es\/?s={search_term_string}"},"query-input":{"@type":"PropertyValueSpecification","valueRequired":true,"valueName":"search_term_string"}}],"inLanguage":"es"}]}},"_links":{"self":[{"href":"https:\/\/saharaoccidental24.deusto.es\/index.php?rest_route=\/wp\/v2\/pages\/57","targetHints":{"allow":["GET"]}}],"collection":[{"href":"https:\/\/saharaoccidental24.deusto.es\/index.php?rest_route=\/wp\/v2\/pages"}],"about":[{"href":"https:\/\/saharaoccidental24.deusto.es\/index.php?rest_route=\/wp\/v2\/types\/page"}],"author":[{"embeddable":true,"href":"https:\/\/saharaoccidental24.deusto.es\/index.php?rest_route=\/wp\/v2\/users\/2"}],"replies":[{"embeddable":true,"href":"https:\/\/saharaoccidental24.deusto.es\/index.php?rest_route=%2Fwp%2Fv2%2Fcomments&post=57"}],"version-history":[{"count":15,"href":"https:\/\/saharaoccidental24.deusto.es\/index.php?rest_route=\/wp\/v2\/pages\/57\/revisions"}],"predecessor-version":[{"id":120,"href":"https:\/\/saharaoccidental24.deusto.es\/index.php?rest_route=\/wp\/v2\/pages\/57\/revisions\/120"}],"wp:attachment":[{"href":"https:\/\/saharaoccidental24.deusto.es\/index.php?rest_route=%2Fwp%2Fv2%2Fmedia&parent=57"}],"curies":[{"name":"wp","href":"https:\/\/api.w.org\/{rel}","templated":true}]}}